{"id":92676,"date":"2024-04-23T17:14:38","date_gmt":"2024-04-23T16:14:38","guid":{"rendered":"https:\/\/swisstechauto.ch\/produit\/gewindefahrwerk-kw-v1-inox-3\/"},"modified":"2026-03-04T01:34:31","modified_gmt":"2026-03-04T00:34:31","slug":"kw-inox-gewindefahrwerk-v1-e36-m3","status":"publish","type":"product","link":"https:\/\/swisstechauto.ch\/de\/produkt\/kw-inox-gewindefahrwerk-v1-e36-m3\/","title":{"rendered":"Gewindefahrwerk KW V1 Inox"},"content":{"rendered":"<pre id=\"tw-target-text\" class=\"tw-data-text tw-text-large tw-ta\" data-placeholder=\"Traduction\" aria-label=\"Texte traduit\" data-ved=\"2ahUKEwiA3Kv5kriHAxVCSKQEHSAwCCEQ3ewLegQIBxAU\"><span class=\"Y2IQFc\" lang=\"fr\">Verf\u00fcgbare Komponenten, Sonderanfertigung: ca. 12 bis 17 Tage<\/span><\/pre>\n","protected":false},"excerpt":{"rendered":"<table style=\"height: 851px;\" width=\"985\">\n<tbody>\n<tr>\n<td>Artikelnummer:<\/td>\n<td>10220012 \/ EAN: 4250173300919 V1 Street Performance<\/td>\n<\/tr>\n<tr>\n<td>Tieferlegung VA\/HA:<\/td>\n<td>30-60mm\/30-60mm<\/td>\n<\/tr>\n<tr>\n<td>Achslast VA\/HA:<\/td>\n<td>-920kg\/-1130kg<\/td>\n<\/tr>\n<tr>\n<td><strong>WICHTIG:<\/strong><\/td>\n<td><strong> Bei der Produktauswahl m\u00fcssen die Gewichtsangaben mit den Eigenschaften deines Fahrzeugs <\/strong><strong>\u00fcbereinstimmen (1= Vorderachslast \/ 2= Hinterachslast).<\/strong><\/p>\n<p><img fetchpriority=\"high\" decoding=\"async\" class=\"alignnone wp-image-69472\" src=\"https:\/\/swisstechauto.ch\/wp-content\/uploads\/2024\/02\/poid-essieu-exemple.jpg\" alt=\"\" width=\"327\" height=\"182\" srcset=\"https:\/\/swisstechauto.ch\/wp-content\/uploads\/2024\/02\/poid-essieu-exemple.jpg 360w, https:\/\/swisstechauto.ch\/wp-content\/uploads\/2024\/02\/poid-essieu-exemple-64x36.jpg 64w, https:\/\/swisstechauto.ch\/wp-content\/uploads\/2024\/02\/poid-essieu-exemple-300x167.jpg 300w\" sizes=\"(max-width: 327px) 100vw, 327px\" \/><\/td>\n<\/tr>\n<tr>\n<td>Inhalt:<\/td>\n<td>Gewindefederbeine vorne, Federn hinten mit H\u00f6henverstellung + D\u00e4mpfer<\/td>\n<\/tr>\n<tr>\n<td>Hinweise:<\/td>\n<td>\n<ul class=\"hinweis_list\">\n<li><strong>Dieses Kit ist nicht f\u00fcr Fahrzeuge mit elektronischer D\u00e4mpfungsregelung<\/strong><\/li>\n<li>Die D\u00e4mpfer verf\u00fcgen \u00fcber leicht bedienbare Einstellr\u00e4der. Bauartbedingt nur in Zugstufe einstellbar, wenn die Kolbenstange zug\u00e4nglich ist.<\/li>\n<li>Bei der Verwendung mit Standardr\u00e4dern\/-reifen k\u00f6nnen Radabstandshalter (Distanzscheiben, Spurverbreiterungen) erforderlich sein.<\/li>\n<\/ul>\n<\/td>\n<\/tr>\n<tr>\n<td>Verwendung:<\/td>\n<td>Stra\u00dfenzulassung nach Eintragung \/ Kostenlose Lieferung in die Schweiz mit Zertifikat f\u00fcr Tieferlegung bis -40mm, bei mehr als -40mm ist die Bestellung eines zus\u00e4tzlichen DTC-Zertifikats zum Preis von 95.- erforderlich<\/td>\n<\/tr>\n<tr>\n<td>Hinweis:<\/td>\n<td>\n<table class=\"ts1\" cellspacing=\"0\" cellpadding=\"0\">\n<tbody>\n<tr>\n<td>Bei Fahrzeugen mit elektronischer D\u00e4mpferregelung muss diese stillgelegt werden. Sie finden das Trennmodul in unserem KW-Sortiment oder \u00fcber die Suchleiste unter der Referenz: DCC<\/td>\n<\/tr>\n<\/tbody>\n<\/table>\n<\/td>\n<\/tr>\n<\/tbody>\n<\/table>\n<div>\n[embed]https:\/\/youtu.be\/hjOFobxfJy4[\/embed]\n<\/div>\n","protected":false},"featured_media":92673,"comment_status":"closed","ping_status":"closed","template":"","meta":[],"pwb-brand":[],"product_brand":[5926],"product_cat":[5166,5540],"product_tag":[],"class_list":{"0":"post-92676","1":"product","2":"type-product","3":"status-publish","4":"has-post-thumbnail","6":"product_brand-kw-suspensions-de","7":"product_cat-fahrwerkstechnik","8":"product_cat-gewindefahrwerke","10":"first","11":"instock","12":"sale","13":"taxable","14":"shipping-taxable","15":"purchasable","16":"product-type-simple"},"brands":[],"_links":{"self":[{"href":"https:\/\/swisstechauto.ch\/de\/wp-json\/wp\/v2\/product\/92676","targetHints":{"allow":["GET"]}}],"collection":[{"href":"https:\/\/swisstechauto.ch\/de\/wp-json\/wp\/v2\/product"}],"about":[{"href":"https:\/\/swisstechauto.ch\/de\/wp-json\/wp\/v2\/types\/product"}],"replies":[{"embeddable":true,"href":"https:\/\/swisstechauto.ch\/de\/wp-json\/wp\/v2\/comments?post=92676"}],"version-history":[{"count":0,"href":"https:\/\/swisstechauto.ch\/de\/wp-json\/wp\/v2\/product\/92676\/revisions"}],"wp:featuredmedia":[{"embeddable":true,"href":"https:\/\/swisstechauto.ch\/de\/wp-json\/wp\/v2\/media\/92673"}],"wp:attachment":[{"href":"https:\/\/swisstechauto.ch\/de\/wp-json\/wp\/v2\/media?parent=92676"}],"wp:term":[{"taxonomy":"pwb-brand","embeddable":true,"href":"https:\/\/swisstechauto.ch\/de\/wp-json\/wp\/v2\/pwb-brand?post=92676"},{"taxonomy":"product_brand","embeddable":true,"href":"https:\/\/swisstechauto.ch\/de\/wp-json\/wp\/v2\/product_brand?post=92676"},{"taxonomy":"product_cat","embeddable":true,"href":"https:\/\/swisstechauto.ch\/de\/wp-json\/wp\/v2\/product_cat?post=92676"},{"taxonomy":"product_tag","embeddable":true,"href":"https:\/\/swisstechauto.ch\/de\/wp-json\/wp\/v2\/product_tag?post=92676"}],"curies":[{"name":"wp","href":"https:\/\/api.w.org\/{rel}","templated":true}]}}